{"id":2,"date":"2021-03-30T10:00:50","date_gmt":"2021-03-30T08:00:50","guid":{"rendered":"https:\/\/es-clinic.be\/?page_id=2"},"modified":"2025-12-08T12:10:39","modified_gmt":"2025-12-08T11:10:39","slug":"accueil","status":"publish","type":"page","link":"https:\/\/es-clinic.be\/fr\/","title":{"rendered":"Accueil"},"content":{"rendered":"<div data-elementor-type=\"wp-page\" data-elementor-id=\"2\" class=\"elementor elementor-2\" data-elementor-post-type=\"page\">\n\t\t\t\t\t\t<section class=\"elementor-section elementor-top-section elementor-element elementor-element-6b612fd9 elementor-section-height-min-height elementor-section-boxed elementor-section-height-default elementor-section-items-middle\" data-id=\"6b612fd9\" data-element_type=\"section\" data-e-type=\"section\" id=\"behandelingen\" data-settings=\"{&quot;background_background&quot;:&quot;classic&quot;}\">\n\t\t\t\t\t\t<div class=\"elementor-container elementor-column-gap-default\">\n\t\t\t\t\t<div class=\"elementor-column elementor-col-100 elementor-top-column elementor-element elementor-element-52599e67\" data-id=\"52599e67\" data-element_type=\"column\" data-e-type=\"column\">\n\t\t\t<div class=\"elementor-widget-wrap elementor-element-populated\">\n\t\t\t\t\t\t<div class=\"elementor-element elementor-element-5fd1b7e elementor-widget elementor-widget-heading\" data-id=\"5fd1b7e\" data-element_type=\"widget\" data-e-type=\"widget\" data-widget_type=\"heading.default\">\n\t\t\t\t<div class=\"elementor-widget-container\">\n\t\t\t\t\t<h1 class=\"elementor-heading-title elementor-size-default\">Clinique dermatologique m\u00e9dicale \u00e0 Malines<\/h1>\t\t\t\t<\/div>\n\t\t\t\t<\/div>\n\t\t\t\t<div class=\"elementor-element elementor-element-412f73a elementor-widget elementor-widget-text-editor\" data-id=\"412f73a\" data-element_type=\"widget\" data-e-type=\"widget\" data-widget_type=\"text-editor.default\">\n\t\t\t\t<div class=\"elementor-widget-container\">\n\t\t\t\t\t\t\t\t\t<p>Vous recherchez une clinique dermatologique m\u00e9dicale \u00e0 Malines ou dans la r\u00e9gion d'Anvers pour vos probl\u00e8mes de peau\u202f? ES-Clinic \u00e0 Malines est la clinique que vous cherchez. Chez ES-Clinic, nous tenons \u00e0 obtenir le meilleur r\u00e9sultat possible pour chacun de nos patients. Nous accordons une grande importance aux r\u00e9sultats naturels, un service personnalis\u00e9 et \u00e0 la discr\u00e9tion. Notre clinique offre un excellent rapport qualit\u00e9 prix !<\/p>\t\t\t\t\t\t\t\t<\/div>\n\t\t\t\t<\/div>\n\t\t\t\t<div class=\"elementor-element elementor-element-2a3f0fc elementor-widget elementor-widget-heading\" data-id=\"2a3f0fc\" data-element_type=\"widget\" data-e-type=\"widget\" data-widget_type=\"heading.default\">\n\t\t\t\t<div class=\"elementor-widget-container\">\n\t\t\t\t\t<h2 class=\"elementor-heading-title elementor-size-default\">Traitements<\/h2>\t\t\t\t<\/div>\n\t\t\t\t<\/div>\n\t\t\t\t<div class=\"elementor-element elementor-element-8a2715d elementor-widget-divider--view-line elementor-widget elementor-widget-divider\" data-id=\"8a2715d\" data-element_type=\"widget\" data-e-type=\"widget\" data-widget_type=\"divider.default\">\n\t\t\t\t<div class=\"elementor-widget-container\">\n\t\t\t\t\t\t\t<div class=\"elementor-divider\">\n\t\t\t<span class=\"elementor-divider-separator\">\n\t\t\t\t\t\t<\/span>\n\t\t<\/div>\n\t\t\t\t\t\t<\/div>\n\t\t\t\t<\/div>\n\t\t\t\t<div class=\"elementor-element elementor-element-e693ec4 elementor-widget elementor-widget-heading\" data-id=\"e693ec4\" data-element_type=\"widget\" data-e-type=\"widget\" data-widget_type=\"heading.default\">\n\t\t\t\t<div class=\"elementor-widget-container\">\n\t\t\t\t\t<h2 class=\"elementor-heading-title elementor-size-default\">Les traitements les plus populaires de notre clinique dermatologique.<\/h2>\t\t\t\t<\/div>\n\t\t\t\t<\/div>\n\t\t\t\t<section class=\"elementor-section elementor-inner-section elementor-element elementor-element-0c670b5 elementor-section-boxed elementor-section-height-default elementor-section-height-default\" data-id=\"0c670b5\" data-element_type=\"section\" data-e-type=\"section\">\n\t\t\t\t\t\t<div class=\"elementor-container elementor-column-gap-default\">\n\t\t\t\t\t<div class=\"elementor-column elementor-col-33 elementor-inner-column elementor-element elementor-element-950a285\" data-id=\"950a285\" data-element_type=\"column\" data-e-type=\"column\">\n\t\t\t<div class=\"elementor-widget-wrap elementor-element-populated\">\n\t\t\t\t\t\t<div class=\"elementor-element elementor-element-df60008 elementor-cta--skin-cover elementor-cta--valign-middle elementor-animated-content elementor-bg-transform elementor-bg-transform-zoom-in elementor-widget elementor-widget-call-to-action\" data-id=\"df60008\" data-element_type=\"widget\" data-e-type=\"widget\" data-widget_type=\"call-to-action.default\">\n\t\t\t\t<div class=\"elementor-widget-container\">\n\t\t\t\t\t\t\t<a class=\"elementor-cta\" href=\"https:\/\/es-clinic.be\/fr\/huidverbetering\/\">\n\t\t\t\t\t<div class=\"elementor-cta__bg-wrapper\">\n\t\t\t\t<div class=\"elementor-cta__bg elementor-bg\" style=\"background-image: url(https:\/\/es-clinic.be\/wp-content\/uploads\/peeling.jpg);\" role=\"img\" aria-label=\"Peeling | Es-clinic\"><\/div>\n\t\t\t\t<div class=\"elementor-cta__bg-overlay\"><\/div>\n\t\t\t<\/div>\n\t\t\t\t\t\t\t<div class=\"elementor-cta__content\">\n\t\t\t\t\n\t\t\t\t\t\t\t\t\t<h2 class=\"elementor-cta__title elementor-cta__content-item elementor-content-item elementor-animated-item--grow\">\n\t\t\t\t\t\tEmb\u00e9lissement de la peau\t\t\t\t\t<\/h2>\n\t\t\t\t\n\t\t\t\t\n\t\t\t\t\t\t\t<\/div>\n\t\t\t\t\t\t<\/a>\n\t\t\t\t\t\t<\/div>\n\t\t\t\t<\/div>\n\t\t\t\t\t<\/div>\n\t\t<\/div>\n\t\t\t\t<div class=\"elementor-column elementor-col-33 elementor-inner-column elementor-element elementor-element-a0e9d5d\" data-id=\"a0e9d5d\" data-element_type=\"column\" data-e-type=\"column\">\n\t\t\t<div class=\"elementor-widget-wrap elementor-element-populated\">\n\t\t\t\t\t\t<div class=\"elementor-element elementor-element-4b898a6 elementor-cta--skin-cover elementor-cta--valign-middle elementor-animated-content elementor-bg-transform elementor-bg-transform-zoom-in elementor-widget elementor-widget-call-to-action\" data-id=\"4b898a6\" data-element_type=\"widget\" data-e-type=\"widget\" data-widget_type=\"call-to-action.default\">\n\t\t\t\t<div class=\"elementor-widget-container\">\n\t\t\t\t\t\t\t<a class=\"elementor-cta\" href=\"https:\/\/es-clinic.be\/fr\/vetbevriezing\/\">\n\t\t\t\t\t<div class=\"elementor-cta__bg-wrapper\">\n\t\t\t\t<div class=\"elementor-cta__bg elementor-bg\" style=\"background-image: url(https:\/\/es-clinic.be\/wp-content\/uploads\/esclinic_treatments_00019.jpg);\" role=\"img\" aria-label=\"esclinic_treatments_00019\"><\/div>\n\t\t\t\t<div class=\"elementor-cta__bg-overlay\"><\/div>\n\t\t\t<\/div>\n\t\t\t\t\t\t\t<div class=\"elementor-cta__content\">\n\t\t\t\t\n\t\t\t\t\t\t\t\t\t<h2 class=\"elementor-cta__title elementor-cta__content-item elementor-content-item elementor-animated-item--grow\">\n\t\t\t\t\t\tCryolipolyse\t\t\t\t\t<\/h2>\n\t\t\t\t\n\t\t\t\t\n\t\t\t\t\t\t\t<\/div>\n\t\t\t\t\t\t<\/a>\n\t\t\t\t\t\t<\/div>\n\t\t\t\t<\/div>\n\t\t\t\t\t<\/div>\n\t\t<\/div>\n\t\t\t\t<div class=\"elementor-column elementor-col-33 elementor-inner-column elementor-element elementor-element-d1aee47\" data-id=\"d1aee47\" data-element_type=\"column\" data-e-type=\"column\">\n\t\t\t<div class=\"elementor-widget-wrap elementor-element-populated\">\n\t\t\t\t\t\t<div class=\"elementor-element elementor-element-577ddf9 elementor-cta--skin-cover elementor-cta--valign-middle elementor-animated-content elementor-bg-transform elementor-bg-transform-zoom-in elementor-widget elementor-widget-call-to-action\" data-id=\"577ddf9\" data-element_type=\"widget\" data-e-type=\"widget\" data-widget_type=\"call-to-action.default\">\n\t\t\t\t<div class=\"elementor-widget-container\">\n\t\t\t\t\t\t\t<a class=\"elementor-cta\" href=\"https:\/\/es-clinic.be\/fr\/laserontharing\/\">\n\t\t\t\t\t<div class=\"elementor-cta__bg-wrapper\">\n\t\t\t\t<div class=\"elementor-cta__bg elementor-bg\" style=\"background-image: url(https:\/\/es-clinic.be\/wp-content\/uploads\/esclinic_treatments_00076.jpg);\" role=\"img\" aria-label=\"esclinic_treatments_00076\"><\/div>\n\t\t\t\t<div class=\"elementor-cta__bg-overlay\"><\/div>\n\t\t\t<\/div>\n\t\t\t\t\t\t\t<div class=\"elementor-cta__content\">\n\t\t\t\t\n\t\t\t\t\t\t\t\t\t<h2 class=\"elementor-cta__title elementor-cta__content-item elementor-content-item elementor-animated-item--grow\">\n\t\t\t\t\t\t\u00c9pilation au laser\t\t\t\t\t<\/h2>\n\t\t\t\t\n\t\t\t\t\n\t\t\t\t\t\t\t<\/div>\n\t\t\t\t\t\t<\/a>\n\t\t\t\t\t\t<\/div>\n\t\t\t\t<\/div>\n\t\t\t\t\t<\/div>\n\t\t<\/div>\n\t\t\t\t\t<\/div>\n\t\t<\/section>\n\t\t\t\t<section class=\"elementor-section elementor-inner-section elementor-element elementor-element-c76cfad elementor-section-boxed elementor-section-height-default elementor-section-height-default\" data-id=\"c76cfad\" data-element_type=\"section\" data-e-type=\"section\">\n\t\t\t\t\t\t<div class=\"elementor-container elementor-column-gap-default\">\n\t\t\t\t\t<div class=\"elementor-column elementor-col-100 elementor-inner-column elementor-element elementor-element-63261eb\" data-id=\"63261eb\" data-element_type=\"column\" data-e-type=\"column\">\n\t\t\t<div class=\"elementor-widget-wrap elementor-element-populated\">\n\t\t\t\t\t\t<div class=\"elementor-element elementor-element-5b0e924 elementor-widget elementor-widget-text-editor\" data-id=\"5b0e924\" data-element_type=\"widget\" data-e-type=\"widget\" data-widget_type=\"text-editor.default\">\n\t\t\t\t<div class=\"elementor-widget-container\">\n\t\t\t\t\t\t\t\t\t<p class=\"translation-block\">L'objectif de notre clinique dermatologique m\u00e9dicale n'est pas d'alt\u00e9rer, mais d'am\u00e9liorer la peau en restant soi-m\u00eame avec une apparence naturelle, jeune et rafra\u00eechie. Il faut savoir que de nombreuses affections cutan\u00e9es commencent dans les couches profondes de la peau. Elles ne deviennent visibles qu'avec le temps. Notre scanner cutan\u00e9 agr\u00e9\u00e9 analyse \u00e9galement les couches profondes de la peau et d\u00e9tecte vos affections cutan\u00e9es avec une grande pr\u00e9cision. Nous prenons des photos et analysons la peau. De cette mani\u00e8re, un plan de traitement efficace est \u00e9tabli sp\u00e9cifiquement pour votre peau. C'est ainsi que nous parvenons \u00e0 la rajeunir ou \u00e0 l'am\u00e9liorer. Vous pouvez aussi consulter notre clinique dermatologique pour l'\u00e9pilation au laser, la correction de la silhouette et bien plus encore.<\/p><p><strong>Voulez-vous \u00eatre la meilleure version de vous-m\u00eame et vous sentir bien dans votre peau\u202f?<\/strong><\/p><p>L'\u00e9quipe ES prend son temps pour vous\u202f!<\/p>\t\t\t\t\t\t\t\t<\/div>\n\t\t\t\t<\/div>\n\t\t\t\t\t<\/div>\n\t\t<\/div>\n\t\t\t\t\t<\/div>\n\t\t<\/section>\n\t\t\t\t<div class=\"elementor-element elementor-element-d01dc7c elementor-align-center elementor-widget__width-auto elementor-widget elementor-widget-button\" data-id=\"d01dc7c\" data-element_type=\"widget\" data-e-type=\"widget\" data-widget_type=\"button.default\">\n\t\t\t\t<div class=\"elementor-widget-container\">\n\t\t\t\t\t\t\t\t\t<div class=\"elementor-button-wrapper\">\n\t\t\t\t\t<a class=\"elementor-button elementor-button-link elementor-size-sm elementor-animation-grow\" href=\"https:\/\/app.ibeauty.be\/index.php\/online_reservation\/start\/nl\/p09azupk58uq7y3c\" target=\"_blank\" rel=\"noopener\">\n\t\t\t\t\t\t<span class=\"elementor-button-content-wrapper\">\n\t\t\t\t\t\t\t\t\t<span class=\"elementor-button-text\">Prendre un rendez-vous<\/span>\n\t\t\t\t\t<\/span>\n\t\t\t\t\t<\/a>\n\t\t\t\t<\/div>\n\t\t\t\t\t\t\t\t<\/div>\n\t\t\t\t<\/div>\n\t\t\t\t<div class=\"elementor-element elementor-element-6917680 elementor-align-center elementor-widget__width-auto elementor-widget elementor-widget-button\" data-id=\"6917680\" data-element_type=\"widget\" data-e-type=\"widget\" data-widget_type=\"button.default\">\n\t\t\t\t<div class=\"elementor-widget-container\">\n\t\t\t\t\t\t\t\t\t<div class=\"elementor-button-wrapper\">\n\t\t\t\t\t<a class=\"elementor-button elementor-button-link elementor-size-sm elementor-animation-grow\" href=\"https:\/\/es-clinic.be\/fr\/behandelingen\/\">\n\t\t\t\t\t\t<span class=\"elementor-button-content-wrapper\">\n\t\t\t\t\t\t\t\t\t<span class=\"elementor-button-text\">D\u00e9couvrez nos traitements<\/span>\n\t\t\t\t\t<\/span>\n\t\t\t\t\t<\/a>\n\t\t\t\t<\/div>\n\t\t\t\t\t\t\t\t<\/div>\n\t\t\t\t<\/div>\n\t\t\t\t\t<\/div>\n\t\t<\/div>\n\t\t\t\t\t<\/div>\n\t\t<\/section>\n\t\t\t\t<section class=\"elementor-section elementor-top-section elementor-element elementor-element-e977e23 elementor-section-boxed elementor-section-height-default elementor-section-height-default\" data-id=\"e977e23\" data-element_type=\"section\" data-e-type=\"section\" data-settings=\"{&quot;background_background&quot;:&quot;classic&quot;}\">\n\t\t\t\t\t\t\t<div class=\"elementor-background-overlay\"><\/div>\n\t\t\t\t\t\t\t<div class=\"elementor-container elementor-column-gap-default\">\n\t\t\t\t\t<div class=\"elementor-column elementor-col-100 elementor-top-column elementor-element elementor-element-8e8206a\" data-id=\"8e8206a\" data-element_type=\"column\" data-e-type=\"column\">\n\t\t\t<div class=\"elementor-widget-wrap elementor-element-populated\">\n\t\t\t\t\t\t<div class=\"elementor-element elementor-element-da9b5b0 elementor-widget elementor-widget-heading\" data-id=\"da9b5b0\" data-element_type=\"widget\" data-e-type=\"widget\" data-widget_type=\"heading.default\">\n\t\t\t\t<div class=\"elementor-widget-container\">\n\t\t\t\t\t<h3 class=\"elementor-heading-title elementor-size-default\">\u00c0 propos d'ES-Clinic.<\/h3>\t\t\t\t<\/div>\n\t\t\t\t<\/div>\n\t\t\t\t<div class=\"elementor-element elementor-element-59de1c6 elementor-widget-divider--view-line elementor-widget elementor-widget-divider\" data-id=\"59de1c6\" data-element_type=\"widget\" data-e-type=\"widget\" data-widget_type=\"divider.default\">\n\t\t\t\t<div class=\"elementor-widget-container\">\n\t\t\t\t\t\t\t<div class=\"elementor-divider\">\n\t\t\t<span class=\"elementor-divider-separator\">\n\t\t\t\t\t\t<\/span>\n\t\t<\/div>\n\t\t\t\t\t\t<\/div>\n\t\t\t\t<\/div>\n\t\t\t\t<div class=\"elementor-element elementor-element-0bdf5a1 elementor-widget elementor-widget-heading\" data-id=\"0bdf5a1\" data-element_type=\"widget\" data-e-type=\"widget\" data-widget_type=\"heading.default\">\n\t\t\t\t<div class=\"elementor-widget-container\">\n\t\t\t\t\t<h2 class=\"elementor-heading-title elementor-size-default\">Le sp\u00e9cialiste de la peau qui vous aide avec tous vos probl\u00e8mes<\/h2>\t\t\t\t<\/div>\n\t\t\t\t<\/div>\n\t\t\t\t<div class=\"elementor-element elementor-element-163eb8e elementor-widget elementor-widget-text-editor\" data-id=\"163eb8e\" data-element_type=\"widget\" data-e-type=\"widget\" data-widget_type=\"text-editor.default\">\n\t\t\t\t<div class=\"elementor-widget-container\">\n\t\t\t\t\t\t\t\t\t<p class=\"translation-block\">Une clinique de la peau n'est pas compl\u00e8te sans sp\u00e9cialistes de la peau.<\/p><p>Notre clinique dermatologique m\u00e9dicale \u00e0 Malines, dans la province d'Anvers, a \u00e9t\u00e9 fond\u00e9e par Emmanuel Van Den Broeck et Sophie Janssens. Emmanuel Van Den Broeck a obtenu son dipl\u00f4me d'infirmier en 2010, apr\u00e8s quoi il a imm\u00e9diatement commenc\u00e9 \u00e0 travailler au service de cardiologie de l'h\u00f4pital Middelheim \u00e0 Wilrijk.<\/p><p>\u00c0 partir de 2011, il a travaill\u00e9 en soins intensifs et aux urgences de Middelheim. En 2012, il fit un grand changement dans sa carri\u00e8re en se dirigeant vers les soins infirmiers \u00e0 domicile.<\/p><p>Par la suite, il a d\u00e9cid\u00e9 de lancer son propre service d'infirmiers \u00e0 domicile, 'Zorgteam De Maan'. Pr\u00e9sentement, Emmanuel travaille toujours aux urgences de l'h\u00f4pital Europa \u00e0 Bruxelles. En 2015, il d\u00e9veloppa un grand int\u00e9r\u00eat pour les tatouages m\u00e9dicaux. Il s'est reconverti en dermatographe.<\/p><p>Avec cela, il veut surtout se concentrer sur les patient(e)s\/client(e)s ayant une limitation physique. Ses r\u00e9sultats sont stup\u00e9fiants. Il est aussi sp\u00e9cialis\u00e9 en maquillage permanent.<\/p><p>Depuis 2018, il a suivi des formations et des cours de sp\u00e9cialisation en soins anti-\u00e2ge. Il est un expert dans l'analyse de la peau, gr\u00e2ce \u00e0 cette expertise, il \u00e9labore un parcours personnalis\u00e9 qui vous convient le mieux, visant un r\u00e9sultat formidable. Il s'est \u00e9galement sp\u00e9cialis\u00e9 en plasmalifting, cryoth\u00e9rapie et \u00e9pilation laser permanente.<\/p><p>Emmanuel est impatient de vous accueillir \u00e0 la clinique dermatologique de Malines afin de trouver avec vous le traitement appropri\u00e9.<\/p>\t\t\t\t\t\t\t\t<\/div>\n\t\t\t\t<\/div>\n\t\t\t\t<div class=\"elementor-element elementor-element-74750ae elementor-align-center elementor-widget__width-auto elementor-widget elementor-widget-button\" data-id=\"74750ae\" data-element_type=\"widget\" data-e-type=\"widget\" data-widget_type=\"button.default\">\n\t\t\t\t<div class=\"elementor-widget-container\">\n\t\t\t\t\t\t\t\t\t<div class=\"elementor-button-wrapper\">\n\t\t\t\t\t<a class=\"elementor-button elementor-button-link elementor-size-sm elementor-animation-grow\" href=\"https:\/\/es-clinic.be\/fr\/artsen\/\">\n\t\t\t\t\t\t<span class=\"elementor-button-content-wrapper\">\n\t\t\t\t\t\t\t\t\t<span class=\"elementor-button-text\">\u00c9quipe ES<\/span>\n\t\t\t\t\t<\/span>\n\t\t\t\t\t<\/a>\n\t\t\t\t<\/div>\n\t\t\t\t\t\t\t\t<\/div>\n\t\t\t\t<\/div>\n\t\t\t\t<div class=\"elementor-element elementor-element-b2cf37e elementor-align-center elementor-widget__width-auto elementor-widget elementor-widget-button\" data-id=\"b2cf37e\" data-element_type=\"widget\" data-e-type=\"widget\" data-widget_type=\"button.default\">\n\t\t\t\t<div class=\"elementor-widget-container\">\n\t\t\t\t\t\t\t\t\t<div class=\"elementor-button-wrapper\">\n\t\t\t\t\t<a class=\"elementor-button elementor-button-link elementor-size-sm elementor-animation-grow\" href=\"https:\/\/app.ibeauty.be\/index.php\/online_reservation\/start\/nl\/p09azupk58uq7y3c\" target=\"_blank\" rel=\"noopener\">\n\t\t\t\t\t\t<span class=\"elementor-button-content-wrapper\">\n\t\t\t\t\t\t\t\t\t<span class=\"elementor-button-text\">Prendre un rendez-vous<\/span>\n\t\t\t\t\t<\/span>\n\t\t\t\t\t<\/a>\n\t\t\t\t<\/div>\n\t\t\t\t\t\t\t\t<\/div>\n\t\t\t\t<\/div>\n\t\t\t\t\t<\/div>\n\t\t<\/div>\n\t\t\t\t\t<\/div>\n\t\t<\/section>\n\t\t\t\t<section class=\"elementor-section elementor-top-section elementor-element elementor-element-d09ac33 elementor-section-height-min-height elementor-section-items-stretch elementor-section-boxed elementor-section-height-default\" data-id=\"d09ac33\" data-element_type=\"section\" data-e-type=\"section\" data-settings=\"{&quot;background_background&quot;:&quot;classic&quot;}\">\n\t\t\t\t\t\t<div class=\"elementor-container elementor-column-gap-default\">\n\t\t\t\t\t<div class=\"elementor-column elementor-col-50 elementor-top-column elementor-element elementor-element-7b1fb44\" data-id=\"7b1fb44\" data-element_type=\"column\" data-e-type=\"column\">\n\t\t\t<div class=\"elementor-widget-wrap elementor-element-populated\">\n\t\t\t\t\t\t<div class=\"elementor-element elementor-element-5075807 elementor-widget elementor-widget-image\" data-id=\"5075807\" data-element_type=\"widget\" data-e-type=\"widget\" data-widget_type=\"image.default\">\n\t\t\t\t<div class=\"elementor-widget-container\">\n\t\t\t\t\t\t\t\t\t\t\t\t\t\t\t<img fetchpriority=\"high\" decoding=\"async\" width=\"1179\" height=\"2096\" src=\"https:\/\/es-clinic.be\/wp-content\/uploads\/SOPHIE.jpg\" class=\"attachment-large size-large wp-image-2043\" alt=\",\" srcset=\"https:\/\/es-clinic.be\/wp-content\/uploads\/SOPHIE.jpg 1179w, https:\/\/es-clinic.be\/wp-content\/uploads\/SOPHIE-768x1365.jpg 768w, https:\/\/es-clinic.be\/wp-content\/uploads\/SOPHIE-864x1536.jpg 864w, https:\/\/es-clinic.be\/wp-content\/uploads\/SOPHIE-1152x2048.jpg 1152w, https:\/\/es-clinic.be\/wp-content\/uploads\/SOPHIE-7x12.jpg 7w\" sizes=\"(max-width: 1179px) 100vw, 1179px\" title=\"\">\t\t\t\t\t\t\t\t\t\t\t\t\t\t\t<\/div>\n\t\t\t\t<\/div>\n\t\t\t\t\t<\/div>\n\t\t<\/div>\n\t\t\t\t<div class=\"elementor-column elementor-col-50 elementor-top-column elementor-element elementor-element-04cceaf\" data-id=\"04cceaf\" data-element_type=\"column\" data-e-type=\"column\">\n\t\t\t<div class=\"elementor-widget-wrap elementor-element-populated\">\n\t\t\t\t\t\t<div class=\"elementor-element elementor-element-f715f26 elementor-widget elementor-widget-heading\" data-id=\"f715f26\" data-element_type=\"widget\" data-e-type=\"widget\" data-widget_type=\"heading.default\">\n\t\t\t\t<div class=\"elementor-widget-container\">\n\t\t\t\t\t<h4 class=\"elementor-heading-title elementor-size-default\">Derni\u00e8res nouvelles<\/h4>\t\t\t\t<\/div>\n\t\t\t\t<\/div>\n\t\t\t\t<div class=\"elementor-element elementor-element-c05cc7e elementor-widget-divider--view-line elementor-widget elementor-widget-divider\" data-id=\"c05cc7e\" data-element_type=\"widget\" data-e-type=\"widget\" data-widget_type=\"divider.default\">\n\t\t\t\t<div class=\"elementor-widget-container\">\n\t\t\t\t\t\t\t<div class=\"elementor-divider\">\n\t\t\t<span class=\"elementor-divider-separator\">\n\t\t\t\t\t\t<\/span>\n\t\t<\/div>\n\t\t\t\t\t\t<\/div>\n\t\t\t\t<\/div>\n\t\t\t\t<div class=\"elementor-element elementor-element-af27e7b elementor-widget elementor-widget-heading\" data-id=\"af27e7b\" data-element_type=\"widget\" data-e-type=\"widget\" data-widget_type=\"heading.default\">\n\t\t\t\t<div class=\"elementor-widget-container\">\n\t\t\t\t\t<h4 class=\"elementor-heading-title elementor-size-default\">L'INFIRMI\u00c8RE DE L'\u00c9QUIPE DU DOCTEUR BEAUCOURT MET SES CAPACIT\u00c9S AU SERVICE DE LA CLINIQUE E.S.<\/h4>\t\t\t\t<\/div>\n\t\t\t\t<\/div>\n\t\t\t\t<div class=\"elementor-element elementor-element-276724d elementor-widget elementor-widget-text-editor\" data-id=\"276724d\" data-element_type=\"widget\" data-e-type=\"widget\" data-widget_type=\"text-editor.default\">\n\t\t\t\t<div class=\"elementor-widget-container\">\n\t\t\t\t\t\t\t\t\t<p class=\"translation-block\">Sophie Janssens a obtenu son dipl\u00f4me en 2001 en tant qu'infirmi\u00e8re A1 sp\u00e9cialis\u00e9e en urgences et soins intensifs \u00e0 la Haute \u00c9cole provinciale d'Anvers. Elle a termin\u00e9 ses \u00e9tudes avec la haute distinction. En 2001, elle a commenc\u00e9 au service des urgences de l'Hopital Saint-Vincent d'Anvers o\u00f9, pendant sept ans, elle s'est sp\u00e9cialis\u00e9e au SMUR sous la direction du Dr. Druwe. En 2008, elle a poursuivi son travail aux urgences de l'UZA (Edegem), o\u00f9 durant sept ans, elle a particip\u00e9 activement \u00e0 l'\u00e9quipe V-med fond\u00e9e \u00e0 l'\u00e9poque par le Prof. Beaucourt. Cela lui a permis d'apprendre \u00e0 s'adapter \u00e9galement aux situations de crise et de participer activement \u00e0 l'aide humanitaire, ce qu'elle tient toujours activement \u00e0 c\u0153ur. En 2015, elle a fait un changement majeur de carri\u00e8re en direction des soins infirmiers \u00e0 domicile. D'abord sous la direction de Johan Vrijdaghs, elle est ensuite devenue coordinatrice de notre groupe de soins infirmiers \u00e0 domicile \u00e0 Malines. Ces derni\u00e8res ann\u00e9es, elle a d\u00e9velopp\u00e9 un vif int\u00e9r\u00eat pour la beaut\u00e9, tant int\u00e9rieure qu'ext\u00e9rieure. 'Prendre soin de soi' est devenu son nouveau leitmotiv. Elle a suivi des formations pour se sp\u00e9cialiser en tant que sp\u00e9cialiste en soins anti-\u00e2ge et en rajeunissement cutan\u00e9. Elle a aussi suivi diverses formations pour accompagner les clients dans leur perte de poids combin\u00e9e \u00e0 la cryoth\u00e9rapie. Que vous veniez \u00e0 notre clinique pour une \u00e9pilation permanente, une analyse de la peau, de l'acn\u00e9, de la pigmentation, de la couperose, ou autre, Sophie est convaincue que chacun est unique et qu'un parcours diff\u00e9rent est n\u00e9cessaire pour chacun. Elle vous accueillera chaleureusement dans notre clinique dermatologique de Malines pour une premi\u00e8re consultation. D\u00e9couvrez \u00e9galement la reste de l'\u00e9quipe ES dans notre clinique de la peau.<\/p>\t\t\t\t\t\t\t\t<\/div>\n\t\t\t\t<\/div>\n\t\t\t\t<div class=\"elementor-element elementor-element-8126e4c elementor-align-left elementor-widget elementor-widget-button\" data-id=\"8126e4c\" data-element_type=\"widget\" data-e-type=\"widget\" data-widget_type=\"button.default\">\n\t\t\t\t<div class=\"elementor-widget-container\">\n\t\t\t\t\t\t\t\t\t<div class=\"elementor-button-wrapper\">\n\t\t\t\t\t<a class=\"elementor-button elementor-button-link elementor-size-sm elementor-animation-grow\" href=\"https:\/\/www.made-in.be\/mechelen\/verpleegkundige-uit-team-van-dokter-beaucourt-zet-schouders-onder-e-s-clinic\/\" target=\"_blank\" rel=\"nofollow noopener\">\n\t\t\t\t\t\t<span class=\"elementor-button-content-wrapper\">\n\t\t\t\t\t\t\t\t\t<span class=\"elementor-button-text\">lire l'article<\/span>\n\t\t\t\t\t<\/span>\n\t\t\t\t\t<\/a>\n\t\t\t\t<\/div>\n\t\t\t\t\t\t\t\t<\/div>\n\t\t\t\t<\/div>\n\t\t\t\t\t<\/div>\n\t\t<\/div>\n\t\t\t\t\t<\/div>\n\t\t<\/section>\n\t\t\t\t<section class=\"elementor-section elementor-top-section elementor-element elementor-element-bd3b7cd elementor-section-boxed elementor-section-height-default elementor-section-height-default\" data-id=\"bd3b7cd\" data-element_type=\"section\" data-e-type=\"section\" data-settings=\"{&quot;background_background&quot;:&quot;classic&quot;}\">\n\t\t\t\t\t\t<div class=\"elementor-container elementor-column-gap-default\">\n\t\t\t\t\t<div class=\"elementor-column elementor-col-100 elementor-top-column elementor-element elementor-element-d84bd1a\" data-id=\"d84bd1a\" data-element_type=\"column\" data-e-type=\"column\">\n\t\t\t<div class=\"elementor-widget-wrap elementor-element-populated\">\n\t\t\t\t\t\t<div class=\"elementor-element elementor-element-4389136 elementor-widget elementor-widget-heading\" data-id=\"4389136\" data-element_type=\"widget\" data-e-type=\"widget\" data-widget_type=\"heading.default\">\n\t\t\t\t<div class=\"elementor-widget-container\">\n\t\t\t\t\t<h3 class=\"elementor-heading-title elementor-size-default\">Choisir le meilleur r\u00e9sultat<\/h3>\t\t\t\t<\/div>\n\t\t\t\t<\/div>\n\t\t\t\t<div class=\"elementor-element elementor-element-c2b34a2 elementor-widget elementor-widget-text-editor\" data-id=\"c2b34a2\" data-element_type=\"widget\" data-e-type=\"widget\" data-widget_type=\"text-editor.default\">\n\t\t\t\t<div class=\"elementor-widget-container\">\n\t\t\t\t\t\t\t\t\t<p>Votre int\u00e9r\u00eat est-il d\u00e9j\u00e0 compl\u00e8tement \u00e9veill\u00e9 pour traiter vos probl\u00e8mes ou souhaits de peau dans notre clinique dermatologique de Malines\u202f? Consultez rapidement notre offre compl\u00e8te et prenez un premier rendez-vous. Nous examinerons ensemble le traitement le plus adapt\u00e9 \u00e0 votre peau. Notre clinique est situ\u00e9e pr\u00e8s de la gare de Mechelen-Nekkerspoel. Vous pouvez donc facilement nous rejoindre depuis toute la province d'Anvers ou m\u00eame d'autres r\u00e9gions de Flandre et Bruxelles. Rien ne vous retient de venir dans notre clinique dermatologique \u00e0 Malines\u202f!<\/p>\t\t\t\t\t\t\t\t<\/div>\n\t\t\t\t<\/div>\n\t\t\t\t\t<\/div>\n\t\t<\/div>\n\t\t\t\t\t<\/div>\n\t\t<\/section>\n\t\t\t\t<\/div>","protected":false},"excerpt":{"rendered":"<p>Medische huidkliniek in Mechelen Bent u op zoek naar een medische huidkliniek in Mechelen of in regio Antwerpen voor uw huidklachten? Dan is ES-Clinic in Mechelen de huidkliniek die u zoekt. Bij ES-Clinic willen we voor elk van onze pati\u00ebnten het best mogelijke resultaat neerzetten. We hechten veel belang aan natuurlijke resultaten, persoonlijke service op [&hellip;]<\/p>\n","protected":false},"author":1,"featured_media":0,"parent":0,"menu_order":0,"comment_status":"closed","ping_status":"closed","template":"","meta":{"footnotes":""},"class_list":["post-2","page","type-page","status-publish","hentry"],"_links":{"self":[{"href":"https:\/\/es-clinic.be\/fr\/wp-json\/wp\/v2\/pages\/2","targetHints":{"allow":["GET"]}}],"collection":[{"href":"https:\/\/es-clinic.be\/fr\/wp-json\/wp\/v2\/pages"}],"about":[{"href":"https:\/\/es-clinic.be\/fr\/wp-json\/wp\/v2\/types\/page"}],"author":[{"embeddable":true,"href":"https:\/\/es-clinic.be\/fr\/wp-json\/wp\/v2\/users\/1"}],"replies":[{"embeddable":true,"href":"https:\/\/es-clinic.be\/fr\/wp-json\/wp\/v2\/comments?post=2"}],"version-history":[{"count":43,"href":"https:\/\/es-clinic.be\/fr\/wp-json\/wp\/v2\/pages\/2\/revisions"}],"predecessor-version":[{"id":2158,"href":"https:\/\/es-clinic.be\/fr\/wp-json\/wp\/v2\/pages\/2\/revisions\/2158"}],"wp:attachment":[{"href":"https:\/\/es-clinic.be\/fr\/wp-json\/wp\/v2\/media?parent=2"}],"curies":[{"name":"wp","href":"https:\/\/api.w.org\/{rel}","templated":true}]}}